{"id":492,"date":"2021-09-04T15:44:11","date_gmt":"2021-09-04T19:44:11","guid":{"rendered":"https:\/\/lavozderd.com\/?page_id=492"},"modified":"2021-09-04T15:44:12","modified_gmt":"2021-09-04T19:44:12","slug":"opiniones","status":"publish","type":"page","link":"https:\/\/lavozderd.com\/?page_id=492","title":{"rendered":"Opiniones"},"content":{"rendered":"<ul class=\"wp-block-latest-posts__list has-dates has-author wp-block-latest-posts\"><li><div class=\"wp-block-latest-posts__featured-image alignleft\"><img loading=\"lazy\" decoding=\"async\" width=\"150\" height=\"150\" src=\"https:\/\/lavozderd.com\/wp-content\/uploads\/2022\/01\/Untitled-150x150.jpg\" class=\"attachment-thumbnail size-thumbnail wp-post-image\" alt=\"\" style=\"\" srcset=\"https:\/\/lavozderd.com\/wp-content\/uploads\/2022\/01\/Untitled-150x150.jpg 150w, https:\/\/lavozderd.com\/wp-content\/uploads\/2022\/01\/Untitled-300x300.jpg 300w, https:\/\/lavozderd.com\/wp-content\/uploads\/2022\/01\/Untitled-768x768.jpg 768w, https:\/\/lavozderd.com\/wp-content\/uploads\/2022\/01\/Untitled.jpg 788w\" sizes=\"auto, (max-width: 150px) 100vw, 150px\" \/><\/div><a class=\"wp-block-latest-posts__post-title\" href=\"https:\/\/lavozderd.com\/?p=6110\">Qu\u00e9 espera de la comunidad Dominicana en Miami, de sus autoridades.<\/a><div class=\"wp-block-latest-posts__post-author\">por La Voz de RD<\/div><time datetime=\"2022-01-12T07:41:59-05:00\" class=\"wp-block-latest-posts__post-date\">01\/12\/2022<\/time><div class=\"wp-block-latest-posts__post-excerpt\">Por: Miguel Acevedo Lo primero que debe hacer un pol\u00edtico o un funcionario p\u00fablico que hace una funci\u00f3n social, es determinar las necesidades de la comunidad o pueblo, para crear un plan que permita el crecimiento social y econ\u00f3mico de sus habitantes y al mismo tiempo la proyecci\u00f3n de su figura en el medio social&hellip; <\/div><\/li>\n<li><div class=\"wp-block-latest-posts__featured-image alignleft\"><img loading=\"lazy\" decoding=\"async\" width=\"150\" height=\"150\" src=\"https:\/\/lavozderd.com\/wp-content\/uploads\/2021\/09\/Juanfrank-150x150.png\" class=\"attachment-thumbnail size-thumbnail wp-post-image\" alt=\"\" style=\"\" \/><\/div><a class=\"wp-block-latest-posts__post-title\" href=\"https:\/\/lavozderd.com\/?p=4045\">El Presidente dio la orden  !<\/a><div class=\"wp-block-latest-posts__post-author\">por La Voz de RD<\/div><time datetime=\"2021-11-08T07:49:50-05:00\" class=\"wp-block-latest-posts__post-date\">11\/08\/2021<\/time><div class=\"wp-block-latest-posts__post-excerpt\">Por: Juan Francisco Tejada. El excelent\u00edsimo Presidente de la Rep\u00fablica Luis Abinader Corona dio la orden y&nbsp;dio sobre la mesa como corresponde a un Jefe de una Naci\u00f3n y el mundo se enter\u00f3.&nbsp; El pasado 17 de Agosto publicamos un art\u00edculo donde dec\u00edamos porque todos no somos Hait\u00ed, hoy el primer Mandatario confirmo que somos&hellip; <\/div><\/li>\n<li><div class=\"wp-block-latest-posts__featured-image alignleft\"><img loading=\"lazy\" decoding=\"async\" width=\"150\" height=\"150\" src=\"https:\/\/lavozderd.com\/wp-content\/uploads\/2021\/11\/Johnny-Sanchez-150x150.png\" class=\"attachment-thumbnail size-thumbnail wp-post-image\" alt=\"\" style=\"\" \/><\/div><a class=\"wp-block-latest-posts__post-title\" href=\"https:\/\/lavozderd.com\/?p=4041\">Saqueos, muerte y desorden. \u00abSamude, se dice en patois\u00bb<\/a><div class=\"wp-block-latest-posts__post-author\">por La Voz de RD<\/div><time datetime=\"2021-11-08T07:41:00-05:00\" class=\"wp-block-latest-posts__post-date\">11\/08\/2021<\/time><div class=\"wp-block-latest-posts__post-excerpt\">Johnny S\u00e1nchez La vidente no titube\u00f3. Yo mudo y fr\u00edo con esa visi\u00f3n clara y precisa de lo que viene para la paup\u00e9rrima naci\u00f3n de Hait\u00ed en los pr\u00f3ximos meses, seg\u00fan ella. Darte detalles gr\u00e1ficos c\u00f3mo si estuvieras oliendo la p\u00f3lvora, sudor, sangre y cosas quem\u00e1ndose me dejo perplejo m\u00e1s sus gritos, temblores, imitaba sonido&hellip; <\/div><\/li>\n<li><div class=\"wp-block-latest-posts__featured-image alignleft\"><img loading=\"lazy\" decoding=\"async\" width=\"150\" height=\"150\" src=\"https:\/\/lavozderd.com\/wp-content\/uploads\/2021\/10\/Corrupcion1-150x150.png\" class=\"attachment-thumbnail size-thumbnail wp-post-image\" alt=\"\" style=\"\" \/><\/div><a class=\"wp-block-latest-posts__post-title\" href=\"https:\/\/lavozderd.com\/?p=3502\">Recuperaci\u00f3n de los bienes de la corrupci\u00f3n<\/a><div class=\"wp-block-latest-posts__post-author\">por La Voz de RD<\/div><time datetime=\"2021-10-29T08:20:00-04:00\" class=\"wp-block-latest-posts__post-date\">10\/29\/2021<\/time><div class=\"wp-block-latest-posts__post-excerpt\">JOHNNY S\u00c1NCHEZ Odebrecht revolucion\u00f3 la mafia, en Rep\u00fablica Dominicana. La lecci\u00f3n que dej\u00f3 fue motivarnos a lanzar una ejemplarizadora ley que facilite la incautaci\u00f3n de bienes, a acusados de corrupci\u00f3n y la recuperaci\u00f3n del dinero envuelto en este tipo de casos, con una nueva ley que ofrezca recompensas y protecci\u00f3n a delatores brindando &nbsp;informaci\u00f3n \u201ccierta&hellip; <\/div><\/li>\n<li><div class=\"wp-block-latest-posts__featured-image alignleft\"><img loading=\"lazy\" decoding=\"async\" width=\"150\" height=\"150\" src=\"https:\/\/lavozderd.com\/wp-content\/uploads\/2021\/09\/Juanfrank-150x150.png\" class=\"attachment-thumbnail size-thumbnail wp-post-image\" alt=\"\" style=\"\" \/><\/div><a class=\"wp-block-latest-posts__post-title\" href=\"https:\/\/lavozderd.com\/?p=2970\">\u00a1 Un pueblo dif\u00edcil de manejar !<\/a><div class=\"wp-block-latest-posts__post-author\">por La Voz de RD<\/div><time datetime=\"2021-10-21T08:05:00-04:00\" class=\"wp-block-latest-posts__post-date\">10\/21\/2021<\/time><div class=\"wp-block-latest-posts__post-excerpt\">Juan francisco Tejada&nbsp; Dirigir la Naci\u00f3n Dominicana en \u00e9stos momentos no es tarea f\u00e1cil, organizar la Rep\u00fablica Dominicana es un trabajo de titanes.&nbsp; En esta ocasi\u00f3n nos vamos a referir a la reforma de la Polic\u00eda Nacional, todos los mandatarios hablaron de modernizar y reformar la Polic\u00eda la cosa ha seguido igual o peor, el&hellip; <\/div><\/li>\n<li><div class=\"wp-block-latest-posts__featured-image alignleft\"><img loading=\"lazy\" decoding=\"async\" width=\"150\" height=\"150\" src=\"https:\/\/lavozderd.com\/wp-content\/uploads\/2021\/10\/Vela-150x150.jpg\" class=\"attachment-thumbnail size-thumbnail wp-post-image\" alt=\"\" style=\"\" srcset=\"https:\/\/lavozderd.com\/wp-content\/uploads\/2021\/10\/Vela-150x150.jpg 150w, https:\/\/lavozderd.com\/wp-content\/uploads\/2021\/10\/Vela-300x300.jpg 300w, https:\/\/lavozderd.com\/wp-content\/uploads\/2021\/10\/Vela-1024x1024.jpg 1024w, https:\/\/lavozderd.com\/wp-content\/uploads\/2021\/10\/Vela-768x768.jpg 768w, https:\/\/lavozderd.com\/wp-content\/uploads\/2021\/10\/Vela.jpg 1080w\" sizes=\"auto, (max-width: 150px) 100vw, 150px\" \/><\/div><a class=\"wp-block-latest-posts__post-title\" href=\"https:\/\/lavozderd.com\/?p=1742\">PANEG\u00cdRICO A UN HERMANO IDO A DESTIEMPO<\/a><div class=\"wp-block-latest-posts__post-author\">por La Voz de RD<\/div><time datetime=\"2021-10-01T13:23:38-04:00\" class=\"wp-block-latest-posts__post-date\">10\/01\/2021<\/time><div class=\"wp-block-latest-posts__post-excerpt\">Johnny Sanchez Garc\u00eda Todos en la di\u00e1spora de Miami, nos sorprendimos con la noticia de la muerte s\u00fabita de un batallador de mil campa\u00f1as y amigo de todos que era muy locuaz y&nbsp;cooperador, aun no nos reponemos, y en su honor escribo estas l\u00edneas a nombre de todos.&nbsp; Fue un columnista y analista pol\u00edtico, mi&hellip; <\/div><\/li>\n<li><div class=\"wp-block-latest-posts__featured-image alignleft\"><img loading=\"lazy\" decoding=\"async\" width=\"150\" height=\"150\" src=\"https:\/\/lavozderd.com\/wp-content\/uploads\/2021\/10\/thumbnail_IMG-8548-150x150.jpg\" class=\"attachment-thumbnail size-thumbnail wp-post-image\" alt=\"\" style=\"\" \/><\/div><a class=\"wp-block-latest-posts__post-title\" href=\"https:\/\/lavozderd.com\/?p=1712\">A 50 a\u00f1os del 9 de Octubre de 1971 (II de II)<\/a><div class=\"wp-block-latest-posts__post-author\">por La Voz de RD<\/div><time datetime=\"2021-10-01T08:45:00-04:00\" class=\"wp-block-latest-posts__post-date\">10\/01\/2021<\/time><div class=\"wp-block-latest-posts__post-excerpt\">Por Manuel Nin Matos (Ex Presidente de Asocludisna, Abadina, Udedofla y Club Rafael L. Solano). En la primera parte hable de la importancia de los Clubes Deportivos y Culturales como instituciones singulares cuyo conocimiento de los barrios y sus l\u00edderes, son propicios para ser veh\u00edculos de transmisi\u00f3n de planes y programas que ayuden a millones&hellip; <\/div><\/li>\n<li><div class=\"wp-block-latest-posts__featured-image alignleft\"><img loading=\"lazy\" decoding=\"async\" width=\"150\" height=\"150\" src=\"https:\/\/lavozderd.com\/wp-content\/uploads\/2021\/09\/Cristian-Jimenez-150x150.png\" class=\"attachment-thumbnail size-thumbnail wp-post-image\" alt=\"\" style=\"\" \/><\/div><a class=\"wp-block-latest-posts__post-title\" href=\"https:\/\/lavozderd.com\/?p=1664\">LA BASE PRINCIPAL DEL \u00c9XITO ELECTORAL DE UNA ORGANIZACI\u00d3N POL\u00cdTICA<\/a><div class=\"wp-block-latest-posts__post-author\">por La Voz de RD<\/div><time datetime=\"2021-09-30T13:16:17-04:00\" class=\"wp-block-latest-posts__post-date\">09\/30\/2021<\/time><div class=\"wp-block-latest-posts__post-excerpt\">Por\u2013 Cristian Jim\u00e9nez La base principal del \u00e9xito electoral de una organizaci\u00f3n pol\u00edtica, es y ser\u00e1 siempre \u201cSu militancia\u201d, ya que es quien lo sostiene y quien mayormente le jura lealtad. Cuando se acude a unas elecciones electorales, los militantes de los partidos pol\u00edticos, son los que a primeras horas de la ma\u00f1ana acuden a&hellip; <\/div><\/li>\n<li><div class=\"wp-block-latest-posts__featured-image alignleft\"><img loading=\"lazy\" decoding=\"async\" width=\"150\" height=\"150\" src=\"https:\/\/lavozderd.com\/wp-content\/uploads\/2021\/09\/Juanfrank-150x150.png\" class=\"attachment-thumbnail size-thumbnail wp-post-image\" alt=\"\" style=\"\" \/><\/div><a class=\"wp-block-latest-posts__post-title\" href=\"https:\/\/lavozderd.com\/?p=1284\">Un voto de confianza para el Presidente.<\/a><div class=\"wp-block-latest-posts__post-author\">por La Voz de RD<\/div><time datetime=\"2021-09-23T11:12:23-04:00\" class=\"wp-block-latest-posts__post-date\">09\/23\/2021<\/time><div class=\"wp-block-latest-posts__post-excerpt\">Juan francisco Tejada En el a\u00f1o 2012 despues de perder las elecciones donde el candidato Vice Presidencial por el Partido Revolucionario Dominicano lo fue el Lic. Luis Abinader Corona nos reunimos con el en la ciudad de Madrid en la calle Hermanos Garc\u00eda Noblejas, en esa ocasi\u00f3n en mi intervenci\u00f3n le manifest\u00e9 p\u00fablicamente ante la&hellip; <\/div><\/li>\n<li><div class=\"wp-block-latest-posts__featured-image alignleft\"><img loading=\"lazy\" decoding=\"async\" width=\"150\" height=\"150\" src=\"https:\/\/lavozderd.com\/wp-content\/uploads\/2021\/09\/banda-colora-150x150.jpg\" class=\"attachment-thumbnail size-thumbnail wp-post-image\" alt=\"\" style=\"\" \/><\/div><a class=\"wp-block-latest-posts__post-title\" href=\"https:\/\/lavozderd.com\/?p=1263\">A 50 ANOS DEL 9 DE OCTUBRE DE 1971 (I de II)<\/a><div class=\"wp-block-latest-posts__post-author\">por La Voz de RD<\/div><time datetime=\"2021-09-23T08:56:25-04:00\" class=\"wp-block-latest-posts__post-date\">09\/23\/2021<\/time><div class=\"wp-block-latest-posts__post-excerpt\">Manuel Nin Matos (Ex presidente de ASOCLUDISNA, ABADINA Y CLUB RAFAEL LEONIDAS SOLANO). La llamada Banda Colora Como le llamaba el pueblo (Frente Juvenil anti comunista y anti terrorista)auspiciado por la Cruzada de Amor, organismo dirigido por una de las hermanas de Joaqu\u00edn Balaguer a la saz\u00f3n Presidente de la Republica Dominicana de entonces, Se\u00f1ora&hellip; <\/div><\/li>\n<li><div class=\"wp-block-latest-posts__featured-image alignleft\"><img loading=\"lazy\" decoding=\"async\" width=\"150\" height=\"150\" src=\"https:\/\/lavozderd.com\/wp-content\/uploads\/2021\/09\/Foto-150x150.jpg\" class=\"attachment-thumbnail size-thumbnail wp-post-image\" alt=\"\" style=\"\" srcset=\"https:\/\/lavozderd.com\/wp-content\/uploads\/2021\/09\/Foto-150x150.jpg 150w, https:\/\/lavozderd.com\/wp-content\/uploads\/2021\/09\/Foto.jpg 273w\" sizes=\"auto, (max-width: 150px) 100vw, 150px\" \/><\/div><a class=\"wp-block-latest-posts__post-title\" href=\"https:\/\/lavozderd.com\/?p=976\">\u00bfBajar impuestos y crear nuevos?<\/a><div class=\"wp-block-latest-posts__post-author\">por La Voz de RD<\/div><time datetime=\"2021-09-13T09:20:19-04:00\" class=\"wp-block-latest-posts__post-date\">09\/13\/2021<\/time><div class=\"wp-block-latest-posts__post-excerpt\">Por: Jhonny S\u00e1nchez Analizamos, hoy si bajar impuestos, garantiza m\u00e1s empleos e inversiones. Lea bien. Si su tasa de impuestos se redujera ma\u00f1ana, \u00bfc\u00f3mo afectar\u00eda sus finanzas y h\u00e1bitos de trabajo? Tal vez trabajes m\u00e1s duro: Dedicaras m\u00e1s horas, emprendes proyectos especiales. Despu\u00e9s de todo, impuestos m\u00e1s bajos significar\u00edan que usted puede quedarse con m\u00e1s&hellip; <\/div><\/li>\n<li><div class=\"wp-block-latest-posts__featured-image alignleft\"><img loading=\"lazy\" decoding=\"async\" width=\"150\" height=\"150\" src=\"https:\/\/lavozderd.com\/wp-content\/uploads\/2021\/09\/Edward-E.-Cruz-150x150.jpg\" class=\"attachment-thumbnail size-thumbnail wp-post-image\" alt=\"\" style=\"\" \/><\/div><a class=\"wp-block-latest-posts__post-title\" href=\"https:\/\/lavozderd.com\/?p=808\">Logros y \u00c9xitos<\/a><div class=\"wp-block-latest-posts__post-author\">por La Voz de RD<\/div><time datetime=\"2021-09-09T10:48:33-04:00\" class=\"wp-block-latest-posts__post-date\">09\/09\/2021<\/time><div class=\"wp-block-latest-posts__post-excerpt\">Edward E. Cruz. La capacidad de reconocimiento a los logros y exitos de los demas es una virtud que no todo el mundo posee; criticar por criticar reduce a la mas minima expresion de bajesa a cualquier persona sin importar si hablamos en el ambito pol\u00edtico, personal o profesional. Escuche los otros dia a una&hellip; <\/div><\/li>\n<li><div class=\"wp-block-latest-posts__featured-image alignleft\"><img loading=\"lazy\" decoding=\"async\" width=\"150\" height=\"150\" src=\"https:\/\/lavozderd.com\/wp-content\/uploads\/2021\/09\/martina-2-150x150.jpg\" class=\"attachment-thumbnail size-thumbnail wp-post-image\" alt=\"\" style=\"\" \/><\/div><a class=\"wp-block-latest-posts__post-title\" href=\"https:\/\/lavozderd.com\/?p=734\">En busca de la alegr\u00eda y la felicidad<\/a><div class=\"wp-block-latest-posts__post-author\">por La Voz de RD<\/div><time datetime=\"2021-09-08T11:03:53-04:00\" class=\"wp-block-latest-posts__post-date\">09\/08\/2021<\/time><div class=\"wp-block-latest-posts__post-excerpt\">Martina Soriano Cuando contemplamos personas felices, generalmente lo asociamos con gente alegre. La felicidad es un estado permanente, sin\u00f3nimo de prosperidad y dicha. Sin embargo, la alegr\u00eda, es un estado de \u00e1nimo pasajero, sin\u00f3nimo de bienestar y gozo.La alegr\u00eda es una emoci\u00f3n que puede durar periodos cortos, incluso algunas semanas. La felicidad, por su parte,&hellip; <\/div><\/li>\n<li><div class=\"wp-block-latest-posts__featured-image alignleft\"><img loading=\"lazy\" decoding=\"async\" width=\"150\" height=\"150\" src=\"https:\/\/lavozderd.com\/wp-content\/uploads\/2021\/09\/Foto-150x150.jpg\" class=\"attachment-thumbnail size-thumbnail wp-post-image\" alt=\"\" style=\"\" srcset=\"https:\/\/lavozderd.com\/wp-content\/uploads\/2021\/09\/Foto-150x150.jpg 150w, https:\/\/lavozderd.com\/wp-content\/uploads\/2021\/09\/Foto.jpg 273w\" sizes=\"auto, (max-width: 150px) 100vw, 150px\" \/><\/div><a class=\"wp-block-latest-posts__post-title\" href=\"https:\/\/lavozderd.com\/?p=575\">Y\u2026\u00bfla cantidad de fallecidos vacunados?  Bien, gracias.<\/a><div class=\"wp-block-latest-posts__post-author\">por La Voz de RD<\/div><time datetime=\"2021-09-06T05:28:17-04:00\" class=\"wp-block-latest-posts__post-date\">09\/06\/2021<\/time><div class=\"wp-block-latest-posts__post-excerpt\">JOHNNY S\u00c1NCHEZ Los principales efectos \u201cadversos \u201c de vacunas en R.D. no han sido publicados en prensa, pero hay datos en un informe del ministerio&nbsp; de salud para el periodo comprendido entre el 1 de enero 2020 a sept 2020. Obtuve &nbsp;datos de vacuna China, el caso de la Sinopharm &nbsp;y los (Esavird) o Eventos&hellip; <\/div><\/li>\n<\/ul>","protected":false},"excerpt":{"rendered":"","protected":false},"author":2,"featured_media":0,"parent":0,"menu_order":0,"comment_status":"closed","ping_status":"closed","template":"","meta":{"footnotes":""},"class_list":["post-492","page","type-page","status-publish","hentry"],"_links":{"self":[{"href":"https:\/\/lavozderd.com\/index.php?rest_route=\/wp\/v2\/pages\/492","targetHints":{"allow":["GET"]}}],"collection":[{"href":"https:\/\/lavozderd.com\/index.php?rest_route=\/wp\/v2\/pages"}],"about":[{"href":"https:\/\/lavozderd.com\/index.php?rest_route=\/wp\/v2\/types\/page"}],"author":[{"embeddable":true,"href":"https:\/\/lavozderd.com\/index.php?rest_route=\/wp\/v2\/users\/2"}],"replies":[{"embeddable":true,"href":"https:\/\/lavozderd.com\/index.php?rest_route=%2Fwp%2Fv2%2Fcomments&post=492"}],"version-history":[{"count":1,"href":"https:\/\/lavozderd.com\/index.php?rest_route=\/wp\/v2\/pages\/492\/revisions"}],"predecessor-version":[{"id":493,"href":"https:\/\/lavozderd.com\/index.php?rest_route=\/wp\/v2\/pages\/492\/revisions\/493"}],"wp:attachment":[{"href":"https:\/\/lavozderd.com\/index.php?rest_route=%2Fwp%2Fv2%2Fmedia&parent=492"}],"curies":[{"name":"wp","href":"https:\/\/api.w.org\/{rel}","templated":true}]}}